{"version":"1.0","type":"rich","width":"560px","height":"140px","title":"Spezial mit Holger \u201eFernsehkritik-TV\u201c Kreymeier - Der langwierige Rechtsstreit um die \u201eSchei\u00df RTL\u201c-Shirts zwischen dem Betreiber des Web-TV-Formats \u201eFernsehkritik-TV\u201c ist zu Ende. Holger Kreymeier spricht mit K\u00f6rber und Hammes \u00fcber Recht, Verfassung, RTL und neue Pl\u00e4ne.","url":"https:\/\/www.medienkuh.de\/spezial-mit-holger-fernsehkritik-tv-kreymeier\/","author_name":"MedienKuH - Podcast rund um Film, Funk und Fernsehen. Zwei Verr\u00fcckte, zwei Leidenschaften, eine Idee. K\u00f6rber und Hammes transformieren Woche f\u00fcr Woche vor dem Mikrofon zu wahren Medienw\u00e4chtern der virtuellen Welt und analysieren kritisch, subjektiv und wertend das Neueste aus der (scheinbar) schillernden Medienlandschaft.","author_url":"https:\/\/www.medienkuh.de","thumbnail_url":"https:\/\/www.medienkuh.de\/wp-content\/uploads\/2021\/09\/cover_neu_2021-scaled.jpg","html":"<iframe width=\"560px\" height=\"140px\" src=\"https:\/\/www.medienkuh.de\/spezial-mit-holger-fernsehkritik-tv-kreymeier\/?standalonePlayer\"><\/iframe>"}