{"version":"1.0","type":"rich","width":"560px","height":"140px","title":"Spezial: Making-of-Interview zur Thomas-Hornauer-Persiflage \u201eDer Gr\u00fcnder\u201c - Eric Hordes stand uns freundlicherweise Rede und Antwort und sprach mit Rinderh\u00e4lfte Hammes \u00fcber seinen Film \u201eDer Gr\u00fcnder\u201c und die zugeh\u00f6rigen Inspirationen. Von Thomas G. Hornauer und Kanal Telemedial \u00fcber Ralph Morgenstern hin zu Ed Wood und zur\u00fcck.","url":"https:\/\/www.medienkuh.de\/spezial-making-of-interview-zur-thomas-hornauer-persiflage-der-grunder\/","author_name":"MedienKuH - Podcast rund um Film, Funk und Fernsehen. Zwei Verr\u00fcckte, zwei Leidenschaften, eine Idee. K\u00f6rber und Hammes transformieren Woche f\u00fcr Woche vor dem Mikrofon zu wahren Medienw\u00e4chtern der virtuellen Welt und analysieren kritisch, subjektiv und wertend das Neueste aus der (scheinbar) schillernden Medienlandschaft.","author_url":"https:\/\/www.medienkuh.de","thumbnail_url":"https:\/\/www.medienkuh.de\/wp-content\/uploads\/2021\/09\/cover_neu_2021-scaled.jpg","html":"<iframe width=\"560px\" height=\"140px\" src=\"https:\/\/www.medienkuh.de\/spezial-making-of-interview-zur-thomas-hornauer-persiflage-der-grunder\/?standalonePlayer\"><\/iframe>"}