{"version":"1.0","type":"rich","width":"560px","height":"140px","title":"Spezial: Live-Zapping \u201eAlle auf den Kleinen: Becker gegen Pocher\u201c - Das TV-Event des Jahres: Herr K\u00f6rber und Herr Hammes kommentierten \u00fcber drei Stunden lang live mit zugeschalteten KuH-H\u00f6rern die Tweef-Austragung \u201eAlle auf den Kleinen: Becker gegen Pocher \u2013 Der Showdown\u201c vom 25. Oktober 2013.","url":"https:\/\/www.medienkuh.de\/spezial-live-zapping-alle-auf-den-kleinen-becker-gegen-pocher\/","author_name":"MedienKuH - Podcast rund um Film, Funk und Fernsehen. Zwei Verr\u00fcckte, zwei Leidenschaften, eine Idee. K\u00f6rber und Hammes transformieren Woche f\u00fcr Woche vor dem Mikrofon zu wahren Medienw\u00e4chtern der virtuellen Welt und analysieren kritisch, subjektiv und wertend das Neueste aus der (scheinbar) schillernden Medienlandschaft.","author_url":"https:\/\/www.medienkuh.de","thumbnail_url":"https:\/\/www.medienkuh.de\/wp-content\/uploads\/2021\/09\/cover_neu_2021-scaled.jpg","html":"<iframe width=\"560px\" height=\"140px\" src=\"https:\/\/www.medienkuh.de\/spezial-live-zapping-alle-auf-den-kleinen-becker-gegen-pocher\/?standalonePlayer\"><\/iframe>"}