{"version":"1.0","type":"rich","width":"560px","height":"140px","title":"Folge 92: Aus f\u00fcr die \u201eSimpsons\u201c, Pocher zensiert, \u201eSuper Nanny\u201c in der Kritik - Nein! Kommt das Aus f\u00fcr die \u201eSimpsons\u201c?; G\u00e4hn! Der Deutsche Fernsehpreis wurde verliehen; Skandal? ZDFneo nimmt \u201eIss oder quizz aus dem Programm; Hilfe! Hinter den Kulissen der \u201eSuper Nanny\u201c.","url":"https:\/\/www.medienkuh.de\/folge-92-aus-fur-die-simpsons-pocher-zensiert-super-nanny-in-der-kritik\/","author_name":"MedienKuH - Podcast rund um Film, Funk und Fernsehen. Zwei Verr\u00fcckte, zwei Leidenschaften, eine Idee. K\u00f6rber und Hammes transformieren Woche f\u00fcr Woche vor dem Mikrofon zu wahren Medienw\u00e4chtern der virtuellen Welt und analysieren kritisch, subjektiv und wertend das Neueste aus der (scheinbar) schillernden Medienlandschaft.","author_url":"https:\/\/www.medienkuh.de","thumbnail_url":"https:\/\/www.medienkuh.de\/wp-content\/uploads\/2021\/09\/cover_neu_2021-scaled.jpg","html":"<iframe width=\"560px\" height=\"140px\" src=\"https:\/\/www.medienkuh.de\/folge-92-aus-fur-die-simpsons-pocher-zensiert-super-nanny-in-der-kritik\/?standalonePlayer\"><\/iframe>"}