{"version":"1.0","type":"rich","width":"560px","height":"140px","title":"Folge 81: Opdenh\u00f6vel wechselt, G\u00e4tjen \u00fcbernimmt, Thoma meckert - Abschied: Matthias Opdenh\u00f6vel wechselt zur ARD; Ach du...: Steven G\u00e4tjen \u00fcbernimmt \u201eSchlag den Raab\u201c; Absetzen: Thoma gegen \u201eWetten, dass..?\u201c-Fortsetzung; Aufm\u00fcpfig: Lena im Interview mit Frank Elstner.","url":"https:\/\/www.medienkuh.de\/folge-81-opdenhovel-wechselt-gatjen-ubernimmt-thoma-meckert\/","author_name":"MedienKuH - Podcast rund um Film, Funk und Fernsehen. Zwei Verr\u00fcckte, zwei Leidenschaften, eine Idee. K\u00f6rber und Hammes transformieren Woche f\u00fcr Woche vor dem Mikrofon zu wahren Medienw\u00e4chtern der virtuellen Welt und analysieren kritisch, subjektiv und wertend das Neueste aus der (scheinbar) schillernden Medienlandschaft.","author_url":"https:\/\/www.medienkuh.de","thumbnail_url":"https:\/\/www.medienkuh.de\/wp-content\/uploads\/2021\/09\/cover_neu_2021-scaled.jpg","html":"<iframe width=\"560px\" height=\"140px\" src=\"https:\/\/www.medienkuh.de\/folge-81-opdenhovel-wechselt-gatjen-ubernimmt-thoma-meckert\/?standalonePlayer\"><\/iframe>"}