{"version":"1.0","type":"rich","width":"560px","height":"140px","title":"Folge 209: \u201eJauch\u201c-Aus, von-der-Lippe-Comeback, \u201eDomian\u201c-Geburtstag - Ausgesprochen: Jauch h\u00e4ngt Talk an den Nagel; Aus L.A.: Rocketbeans TV fahren zur E3; Australien: Ex-Dschungelcamper k\u00e4mpfen um erneuten Camp-Einzug; Ausgerechnet... \u201eDomian\u201c-Geburtstag versagt.","url":"https:\/\/www.medienkuh.de\/folge-209-jauch-aus-von-der-lippe-comeback-domian-geburtstag\/","author_name":"MedienKuH - Podcast rund um Film, Funk und Fernsehen. Zwei Verr\u00fcckte, zwei Leidenschaften, eine Idee. K\u00f6rber und Hammes transformieren Woche f\u00fcr Woche vor dem Mikrofon zu wahren Medienw\u00e4chtern der virtuellen Welt und analysieren kritisch, subjektiv und wertend das Neueste aus der (scheinbar) schillernden Medienlandschaft.","author_url":"https:\/\/www.medienkuh.de","thumbnail_url":"https:\/\/www.medienkuh.de\/wp-content\/uploads\/2021\/09\/cover_neu_2021-scaled.jpg","html":"<iframe width=\"560px\" height=\"140px\" src=\"https:\/\/www.medienkuh.de\/folge-209-jauch-aus-von-der-lippe-comeback-domian-geburtstag\/?standalonePlayer\"><\/iframe>"}